{"id":1023,"date":"2019-03-11T11:49:31","date_gmt":"2019-03-11T10:49:31","guid":{"rendered":"http:\/\/lyceedelaulne.fr\/?page_id=1023"},"modified":"2022-06-27T16:33:30","modified_gmt":"2022-06-27T14:33:30","slug":"cap-sapver","status":"publish","type":"page","link":"https:\/\/lyceedelaulne.fr\/?page_id=1023","title":{"rendered":"CAPA Service Aux Personnes et Vente en Espace Rural"},"content":{"rendered":"\t\t<div data-elementor-type=\"wp-post\" data-elementor-id=\"1023\" class=\"elementor elementor-1023\">\n\t\t\t\t\t\t<section class=\"elementor-section elementor-top-section elementor-element elementor-element-3ae89aba elementor-section-boxed elementor-section-height-default elementor-section-height-default\" data-id=\"3ae89aba\" data-element_type=\"section\" data-e-type=\"section\" data-settings=\"{&quot;background_background&quot;:&quot;classic&quot;}\">\n\t\t\t\t\t\t<div class=\"elementor-container elementor-column-gap-default\">\n\t\t\t\t\t<div class=\"elementor-column elementor-col-100 elementor-top-column elementor-element elementor-element-199e7afb\" data-id=\"199e7afb\" data-element_type=\"column\" data-e-type=\"column\" data-settings=\"{&quot;background_background&quot;:&quot;classic&quot;}\">\n\t\t\t<div class=\"elementor-widget-wrap elementor-element-populated\">\n\t\t\t\t\t\t<div class=\"elementor-element elementor-element-4e006e85 elementor-invisible elementor-widget elementor-widget-text-editor\" data-id=\"4e006e85\" data-element_type=\"widget\" data-e-type=\"widget\" data-settings=\"{&quot;_animation&quot;:&quot;fadeInLeft&quot;}\" data-widget_type=\"text-editor.default\">\n\t\t\t\t<div class=\"elementor-widget-container\">\n\t\t\t\t\t\t\t\t\t<h2 style=\"text-align: center;\"><span style=\"color: #ffffff;\">Des m\u00e9tiers de proximit\u00e9 au service \u00e0\u00a0 la personne et du commerce<\/span><\/h2>\t\t\t\t\t\t\t\t<\/div>\n\t\t\t\t<\/div>\n\t\t\t\t\t<\/div>\n\t\t<\/div>\n\t\t\t\t\t<\/div>\n\t\t<\/section>\n\t\t\t\t<section class=\"elementor-section elementor-top-section elementor-element elementor-element-1d81443a elementor-section-boxed elementor-section-height-default elementor-section-height-default elementor-invisible\" data-id=\"1d81443a\" data-element_type=\"section\" data-e-type=\"section\" data-settings=\"{&quot;background_background&quot;:&quot;classic&quot;,&quot;animation&quot;:&quot;fadeInLeft&quot;}\">\n\t\t\t\t\t\t<div class=\"elementor-container elementor-column-gap-default\">\n\t\t\t\t\t<div class=\"elementor-column elementor-col-100 elementor-top-column elementor-element elementor-element-64e5f04a\" data-id=\"64e5f04a\" data-element_type=\"column\" data-e-type=\"column\">\n\t\t\t<div class=\"elementor-widget-wrap elementor-element-populated\">\n\t\t\t\t\t\t<div class=\"elementor-element elementor-element-3390409c elementor-arrows-position-outside elementor-pagination-position-outside elementor-widget elementor-widget-image-carousel\" data-id=\"3390409c\" data-element_type=\"widget\" data-e-type=\"widget\" data-settings=\"{&quot;autoplay_speed&quot;:2500,&quot;image_spacing_custom&quot;:{&quot;unit&quot;:&quot;px&quot;,&quot;size&quot;:10,&quot;sizes&quot;:[]},&quot;slides_to_show&quot;:&quot;4&quot;,&quot;navigation&quot;:&quot;both&quot;,&quot;autoplay&quot;:&quot;yes&quot;,&quot;pause_on_hover&quot;:&quot;yes&quot;,&quot;pause_on_interaction&quot;:&quot;yes&quot;,&quot;infinite&quot;:&quot;yes&quot;,&quot;speed&quot;:500,&quot;image_spacing_custom_tablet&quot;:{&quot;unit&quot;:&quot;px&quot;,&quot;size&quot;:&quot;&quot;,&quot;sizes&quot;:[]},&quot;image_spacing_custom_mobile&quot;:{&quot;unit&quot;:&quot;px&quot;,&quot;size&quot;:&quot;&quot;,&quot;sizes&quot;:[]}}\" data-widget_type=\"image-carousel.default\">\n\t\t\t\t<div class=\"elementor-widget-container\">\n\t\t\t\t\t\t\t<div class=\"elementor-image-carousel-wrapper swiper\" role=\"region\" aria-roledescription=\"carousel\" aria-label=\"Carrousel d\u2019images\" dir=\"ltr\">\n\t\t\t<div class=\"elementor-image-carousel swiper-wrapper\" aria-live=\"off\">\n\t\t\t\t\t\t\t\t<div class=\"swiper-slide\" role=\"group\" aria-roledescription=\"slide\" aria-label=\"1 sur 22\"><figure class=\"swiper-slide-inner\"><img decoding=\"async\" class=\"swiper-slide-image\" src=\"https:\/\/lyceedelaulne.fr\/wp-content\/uploads\/2019\/06\/20190201_114554-e1561554698910.png\" alt=\"20190201_114554\" \/><\/figure><\/div><div class=\"swiper-slide\" role=\"group\" aria-roledescription=\"slide\" aria-label=\"2 sur 22\"><figure class=\"swiper-slide-inner\"><img decoding=\"async\" class=\"swiper-slide-image\" src=\"https:\/\/lyceedelaulne.fr\/wp-content\/uploads\/2019\/06\/Soins-e1561554709948.png\" alt=\"Soins\" \/><\/figure><\/div><div class=\"swiper-slide\" role=\"group\" aria-roledescription=\"slide\" aria-label=\"3 sur 22\"><figure class=\"swiper-slide-inner\"><img decoding=\"async\" class=\"swiper-slide-image\" src=\"https:\/\/lyceedelaulne.fr\/wp-content\/uploads\/2019\/06\/20190201_113338-e1561554718209.png\" alt=\"20190201_113338\" \/><\/figure><\/div><div class=\"swiper-slide\" role=\"group\" aria-roledescription=\"slide\" aria-label=\"4 sur 22\"><figure class=\"swiper-slide-inner\"><img decoding=\"async\" class=\"swiper-slide-image\" src=\"https:\/\/lyceedelaulne.fr\/wp-content\/uploads\/2019\/06\/20190124_085647-e1561554728939.png\" alt=\"20190124_085647\" \/><\/figure><\/div><div class=\"swiper-slide\" role=\"group\" aria-roledescription=\"slide\" aria-label=\"5 sur 22\"><figure class=\"swiper-slide-inner\"><img decoding=\"async\" class=\"swiper-slide-image\" src=\"https:\/\/lyceedelaulne.fr\/wp-content\/uploads\/2019\/06\/20190124_103759-e1561554741404.png\" alt=\"20190124_103759\" \/><\/figure><\/div><div class=\"swiper-slide\" role=\"group\" aria-roledescription=\"slide\" aria-label=\"6 sur 22\"><figure class=\"swiper-slide-inner\"><img decoding=\"async\" class=\"swiper-slide-image\" src=\"https:\/\/lyceedelaulne.fr\/wp-content\/uploads\/2019\/06\/20190125_101808-e1561554755890.png\" alt=\"20190125_101808\" \/><\/figure><\/div><div class=\"swiper-slide\" role=\"group\" aria-roledescription=\"slide\" aria-label=\"7 sur 22\"><figure class=\"swiper-slide-inner\"><img decoding=\"async\" class=\"swiper-slide-image\" src=\"https:\/\/lyceedelaulne.fr\/wp-content\/uploads\/2019\/06\/20190125_103849-e1561554768802.png\" alt=\"20190125_103849\" \/><\/figure><\/div><div class=\"swiper-slide\" role=\"group\" aria-roledescription=\"slide\" aria-label=\"8 sur 22\"><figure class=\"swiper-slide-inner\"><img decoding=\"async\" class=\"swiper-slide-image\" src=\"https:\/\/lyceedelaulne.fr\/wp-content\/uploads\/2019\/06\/20190125_114735-e1561554779274.png\" alt=\"20190125_114735\" \/><\/figure><\/div><div class=\"swiper-slide\" role=\"group\" aria-roledescription=\"slide\" aria-label=\"9 sur 22\"><figure class=\"swiper-slide-inner\"><img decoding=\"async\" class=\"swiper-slide-image\" src=\"https:\/\/lyceedelaulne.fr\/wp-content\/uploads\/2019\/06\/20190129_144537-e1561554794996.png\" alt=\"20190129_144537\" \/><\/figure><\/div><div class=\"swiper-slide\" role=\"group\" aria-roledescription=\"slide\" aria-label=\"10 sur 22\"><figure class=\"swiper-slide-inner\"><img decoding=\"async\" class=\"swiper-slide-image\" src=\"https:\/\/lyceedelaulne.fr\/wp-content\/uploads\/2019\/06\/20190129_144628-e1561554805167.png\" alt=\"20190129_144628\" \/><\/figure><\/div><div class=\"swiper-slide\" role=\"group\" aria-roledescription=\"slide\" aria-label=\"11 sur 22\"><figure class=\"swiper-slide-inner\"><img decoding=\"async\" class=\"swiper-slide-image\" src=\"https:\/\/lyceedelaulne.fr\/wp-content\/uploads\/2019\/06\/20190124_110742-e1561554814754.png\" alt=\"20190124_110742\" \/><\/figure><\/div><div class=\"swiper-slide\" role=\"group\" aria-roledescription=\"slide\" aria-label=\"12 sur 22\"><figure class=\"swiper-slide-inner\"><img decoding=\"async\" class=\"swiper-slide-image\" src=\"https:\/\/lyceedelaulne.fr\/wp-content\/uploads\/2019\/06\/20190201_113935-e1561554828175.png\" alt=\"20190201_113935\" \/><\/figure><\/div><div class=\"swiper-slide\" role=\"group\" aria-roledescription=\"slide\" aria-label=\"13 sur 22\"><figure class=\"swiper-slide-inner\"><img decoding=\"async\" class=\"swiper-slide-image\" src=\"https:\/\/lyceedelaulne.fr\/wp-content\/uploads\/2019\/06\/20190201_113818-e1561554840102.png\" alt=\"20190201_113818\" \/><\/figure><\/div><div class=\"swiper-slide\" role=\"group\" aria-roledescription=\"slide\" aria-label=\"14 sur 22\"><figure class=\"swiper-slide-inner\"><img decoding=\"async\" class=\"swiper-slide-image\" src=\"https:\/\/lyceedelaulne.fr\/wp-content\/uploads\/2019\/06\/20190201_114411-e1561554855966.png\" alt=\"20190201_114411\" \/><\/figure><\/div><div class=\"swiper-slide\" role=\"group\" aria-roledescription=\"slide\" aria-label=\"15 sur 22\"><figure class=\"swiper-slide-inner\"><img decoding=\"async\" class=\"swiper-slide-image\" src=\"https:\/\/lyceedelaulne.fr\/wp-content\/uploads\/2019\/06\/20190129_143903-e1561554868627.png\" alt=\"20190129_143903\" \/><\/figure><\/div><div class=\"swiper-slide\" role=\"group\" aria-roledescription=\"slide\" aria-label=\"16 sur 22\"><figure class=\"swiper-slide-inner\"><img decoding=\"async\" class=\"swiper-slide-image\" src=\"https:\/\/lyceedelaulne.fr\/wp-content\/uploads\/2019\/06\/20190129_144016-e1561554878551.png\" alt=\"20190129_144016\" \/><\/figure><\/div><div class=\"swiper-slide\" role=\"group\" aria-roledescription=\"slide\" aria-label=\"17 sur 22\"><figure class=\"swiper-slide-inner\"><img decoding=\"async\" class=\"swiper-slide-image\" src=\"https:\/\/lyceedelaulne.fr\/wp-content\/uploads\/2019\/06\/20190129_144242-e1561554887933.png\" alt=\"20190129_144242\" \/><\/figure><\/div><div class=\"swiper-slide\" role=\"group\" aria-roledescription=\"slide\" aria-label=\"18 sur 22\"><figure class=\"swiper-slide-inner\"><img decoding=\"async\" class=\"swiper-slide-image\" src=\"https:\/\/lyceedelaulne.fr\/wp-content\/uploads\/2019\/06\/20190129_144255-e1561554896287.png\" alt=\"20190129_144255\" \/><\/figure><\/div><div class=\"swiper-slide\" role=\"group\" aria-roledescription=\"slide\" aria-label=\"19 sur 22\"><figure class=\"swiper-slide-inner\"><img decoding=\"async\" class=\"swiper-slide-image\" src=\"https:\/\/lyceedelaulne.fr\/wp-content\/uploads\/2019\/06\/20190129_144404-e1561554905197.png\" alt=\"20190129_144404\" \/><\/figure><\/div><div class=\"swiper-slide\" role=\"group\" aria-roledescription=\"slide\" aria-label=\"20 sur 22\"><figure class=\"swiper-slide-inner\"><img decoding=\"async\" class=\"swiper-slide-image\" src=\"https:\/\/lyceedelaulne.fr\/wp-content\/uploads\/2019\/06\/20190201_111427-e1561554923311.png\" alt=\"20190201_111427\" \/><\/figure><\/div><div class=\"swiper-slide\" role=\"group\" aria-roledescription=\"slide\" aria-label=\"21 sur 22\"><figure class=\"swiper-slide-inner\"><img decoding=\"async\" class=\"swiper-slide-image\" src=\"https:\/\/lyceedelaulne.fr\/wp-content\/uploads\/2019\/06\/20190201_111833-e1561554943883.png\" alt=\"20190201_111833\" \/><\/figure><\/div><div class=\"swiper-slide\" role=\"group\" aria-roledescription=\"slide\" aria-label=\"22 sur 22\"><figure class=\"swiper-slide-inner\"><img decoding=\"async\" class=\"swiper-slide-image\" src=\"https:\/\/lyceedelaulne.fr\/wp-content\/uploads\/2019\/06\/20190201_111903-e1561554957210.png\" alt=\"20190201_111903\" \/><\/figure><\/div>\t\t\t<\/div>\n\t\t\t\t\t\t\t\t\t\t\t\t<div class=\"elementor-swiper-button elementor-swiper-button-prev\" role=\"button\" tabindex=\"0\">\n\t\t\t\t\t\t<i aria-hidden=\"true\" class=\"eicon-chevron-left\"><\/i>\t\t\t\t\t<\/div>\n\t\t\t\t\t<div class=\"elementor-swiper-button elementor-swiper-button-next\" role=\"button\" tabindex=\"0\">\n\t\t\t\t\t\t<i aria-hidden=\"true\" class=\"eicon-chevron-right\"><\/i>\t\t\t\t\t<\/div>\n\t\t\t\t\n\t\t\t\t\t\t\t\t\t<div class=\"swiper-pagination\"><\/div>\n\t\t\t\t\t\t\t\t\t<\/div>\n\t\t\t\t\t\t<\/div>\n\t\t\t\t<\/div>\n\t\t\t\t\t<\/div>\n\t\t<\/div>\n\t\t\t\t\t<\/div>\n\t\t<\/section>\n\t\t\t\t<section class=\"elementor-section elementor-top-section elementor-element elementor-element-7065b02d elementor-section-boxed elementor-section-height-default elementor-section-height-default\" data-id=\"7065b02d\" data-element_type=\"section\" data-e-type=\"section\">\n\t\t\t\t\t\t<div class=\"elementor-container elementor-column-gap-default\">\n\t\t\t\t\t<div class=\"elementor-column elementor-col-100 elementor-top-column elementor-element elementor-element-7294b81e\" data-id=\"7294b81e\" data-element_type=\"column\" data-e-type=\"column\">\n\t\t\t<div class=\"elementor-widget-wrap elementor-element-populated\">\n\t\t\t\t\t\t\t<\/div>\n\t\t<\/div>\n\t\t\t\t\t<\/div>\n\t\t<\/section>\n\t\t\t\t<section class=\"elementor-section elementor-top-section elementor-element elementor-element-12e67754 elementor-section-boxed elementor-section-height-default elementor-section-height-default elementor-invisible\" data-id=\"12e67754\" data-element_type=\"section\" data-e-type=\"section\" data-settings=\"{&quot;animation&quot;:&quot;fadeInRight&quot;}\">\n\t\t\t\t\t\t<div class=\"elementor-container elementor-column-gap-default\">\n\t\t\t\t\t<div class=\"elementor-column elementor-col-33 elementor-top-column elementor-element elementor-element-32850479\" data-id=\"32850479\" data-element_type=\"column\" data-e-type=\"column\">\n\t\t\t<div class=\"elementor-widget-wrap elementor-element-populated\">\n\t\t\t\t\t\t<div class=\"elementor-element elementor-element-5dc04643 elementor-widget elementor-widget-text-editor\" data-id=\"5dc04643\" data-element_type=\"widget\" data-e-type=\"widget\" data-widget_type=\"text-editor.default\">\n\t\t\t\t<div class=\"elementor-widget-container\">\n\t\t\t\t\t\t\t\t\t<p><span style=\"color: #ffffff;\"><strong>OBJECTIFS DE LA FORMATION<\/strong><\/span><\/p>\t\t\t\t\t\t\t\t<\/div>\n\t\t\t\t<\/div>\n\t\t\t\t\t<\/div>\n\t\t<\/div>\n\t\t\t\t<div class=\"elementor-column elementor-col-33 elementor-top-column elementor-element elementor-element-5bfc063e\" data-id=\"5bfc063e\" data-element_type=\"column\" data-e-type=\"column\">\n\t\t\t<div class=\"elementor-widget-wrap elementor-element-populated\">\n\t\t\t\t\t\t<div class=\"elementor-element elementor-element-4734882c elementor-widget elementor-widget-text-editor\" data-id=\"4734882c\" data-element_type=\"widget\" data-e-type=\"widget\" data-widget_type=\"text-editor.default\">\n\t\t\t\t<div class=\"elementor-widget-container\">\n\t\t\t\t\t\t\t\t\t<p style=\"text-align: center;\"><span style=\"color: #ffffff;\"><strong>QUALITES REQUISES<\/strong><\/span><\/p>\t\t\t\t\t\t\t\t<\/div>\n\t\t\t\t<\/div>\n\t\t\t\t\t<\/div>\n\t\t<\/div>\n\t\t\t\t<div class=\"elementor-column elementor-col-33 elementor-top-column elementor-element elementor-element-580d8f37\" data-id=\"580d8f37\" data-element_type=\"column\" data-e-type=\"column\">\n\t\t\t<div class=\"elementor-widget-wrap elementor-element-populated\">\n\t\t\t\t\t\t<div class=\"elementor-element elementor-element-584bb185 elementor-widget elementor-widget-text-editor\" data-id=\"584bb185\" data-element_type=\"widget\" data-e-type=\"widget\" data-widget_type=\"text-editor.default\">\n\t\t\t\t<div class=\"elementor-widget-container\">\n\t\t\t\t\t\t\t\t\t<p style=\"text-align: center;\"><span style=\"color: #ffffff;\"><b>TEMPS FORTS<\/b><\/span><\/p>\t\t\t\t\t\t\t\t<\/div>\n\t\t\t\t<\/div>\n\t\t\t\t\t<\/div>\n\t\t<\/div>\n\t\t\t\t\t<\/div>\n\t\t<\/section>\n\t\t\t\t<section class=\"elementor-section elementor-top-section elementor-element elementor-element-7b75ce7 elementor-section-boxed elementor-section-height-default elementor-section-height-default\" data-id=\"7b75ce7\" data-element_type=\"section\" data-e-type=\"section\" data-settings=\"{&quot;background_background&quot;:&quot;classic&quot;}\">\n\t\t\t\t\t\t<div class=\"elementor-container elementor-column-gap-default\">\n\t\t\t\t\t<div class=\"elementor-column elementor-col-25 elementor-top-column elementor-element elementor-element-eb74d27\" data-id=\"eb74d27\" data-element_type=\"column\" data-e-type=\"column\">\n\t\t\t<div class=\"elementor-widget-wrap elementor-element-populated\">\n\t\t\t\t\t\t<div class=\"elementor-element elementor-element-334c214 elementor-widget elementor-widget-text-editor\" data-id=\"334c214\" data-element_type=\"widget\" data-e-type=\"widget\" data-widget_type=\"text-editor.default\">\n\t\t\t\t<div class=\"elementor-widget-container\">\n\t\t\t\t\t\t\t\t\t<div><b style=\"color: #333333;\">Assure <\/b><span style=\"color: #333333;\">l&rsquo;acquisition<\/span><b style=\"color: #333333;\"> d&rsquo;une qualification professionnelle<\/b><span style=\"color: #333333;\"> concr\u00e8te et des comp\u00e9tences dans les secteurs suivants :<\/span><\/div><ul><li style=\"list-style-type: none;\"><ul><li>Services \u00e0 la personne et \u00e0 son bien-\u00eatre (\u00e9cole maternelle, maison de repos ou de retraite, ..) ;<\/li><li>Animation (centre de loisirs, centre de vacances, &#8230;) ;<\/li><li>Restauration (cantine scolaire, cantine collective, ..) ;<\/li><li>Tourisme ;<\/li><li>Accueil Vente Commerce (commerce de proximit\u00e9, jardinerie, supermarch\u00e9, \u2026.) en milieu rural.<\/li><\/ul><\/li><\/ul>\t\t\t\t\t\t\t\t<\/div>\n\t\t\t\t<\/div>\n\t\t\t\t\t<\/div>\n\t\t<\/div>\n\t\t\t\t<div class=\"elementor-column elementor-col-25 elementor-top-column elementor-element elementor-element-a9e752e\" data-id=\"a9e752e\" data-element_type=\"column\" data-e-type=\"column\">\n\t\t\t<div class=\"elementor-widget-wrap elementor-element-populated\">\n\t\t\t\t\t\t<div class=\"elementor-element elementor-element-dceb1a8 elementor-widget elementor-widget-text-editor\" data-id=\"dceb1a8\" data-element_type=\"widget\" data-e-type=\"widget\" data-widget_type=\"text-editor.default\">\n\t\t\t\t<div class=\"elementor-widget-container\">\n\t\t\t\t\t\t\t\t\t<p><strong>Contact humain<\/strong><\/p><p><strong>Bienveillance<\/strong><\/p><p><b>Empathie<\/b><\/p><p><strong>Patience<\/strong><\/p><p><strong>Go\u00fbt pour l<\/strong><strong>a vente<\/strong><\/p><p><strong>Ecoute du client<\/strong><\/p><p><strong>Dynamisme<\/strong><\/p><p><strong>Polyvalence<\/strong><\/p>\t\t\t\t\t\t\t\t<\/div>\n\t\t\t\t<\/div>\n\t\t\t\t\t<\/div>\n\t\t<\/div>\n\t\t\t\t<div class=\"elementor-column elementor-col-25 elementor-top-column elementor-element elementor-element-bfec0f9\" data-id=\"bfec0f9\" data-element_type=\"column\" data-e-type=\"column\">\n\t\t\t<div class=\"elementor-widget-wrap elementor-element-populated\">\n\t\t\t\t\t\t<div class=\"elementor-element elementor-element-a5d169e elementor-widget elementor-widget-image\" data-id=\"a5d169e\" data-element_type=\"widget\" data-e-type=\"widget\" data-widget_type=\"image.default\">\n\t\t\t\t<div class=\"elementor-widget-container\">\n\t\t\t\t\t\t\t\t\t\t\t\t<figure class=\"wp-caption\">\n\t\t\t\t\t\t\t\t\t\t\t<a href=\"http:\/\/lyceedelaulne.fr\/?p=1940\" target=\"_blank\">\n\t\t\t\t\t\t\t<img fetchpriority=\"high\" decoding=\"async\" width=\"364\" height=\"510\" src=\"https:\/\/lyceedelaulne.fr\/wp-content\/uploads\/2019\/03\/CAPA-repassage.png\" class=\"attachment-large size-large wp-image-1116\" alt=\"\" srcset=\"https:\/\/lyceedelaulne.fr\/wp-content\/uploads\/2019\/03\/CAPA-repassage.png 364w, https:\/\/lyceedelaulne.fr\/wp-content\/uploads\/2019\/03\/CAPA-repassage-214x300.png 214w, https:\/\/lyceedelaulne.fr\/wp-content\/uploads\/2019\/03\/CAPA-repassage-193x270.png 193w\" sizes=\"(max-width: 364px) 100vw, 364px\" \/>\t\t\t\t\t\t\t\t<\/a>\n\t\t\t\t\t\t\t\t\t\t\t<figcaption class=\"widget-image-caption wp-caption-text\">Service de repassage<\/figcaption>\n\t\t\t\t\t\t\t\t\t\t<\/figure>\n\t\t\t\t\t\t\t\t\t<\/div>\n\t\t\t\t<\/div>\n\t\t\t\t<div class=\"elementor-element elementor-element-68f54bf elementor-widget elementor-widget-image\" data-id=\"68f54bf\" data-element_type=\"widget\" data-e-type=\"widget\" data-widget_type=\"image.default\">\n\t\t\t\t<div class=\"elementor-widget-container\">\n\t\t\t\t\t\t\t\t\t\t\t\t<figure class=\"wp-caption\">\n\t\t\t\t\t\t\t\t\t\t\t<a href=\"http:\/\/lyceedelaulne.fr\/?p=1945\" target=\"_blank\">\n\t\t\t\t\t\t\t<img decoding=\"async\" width=\"251\" height=\"223\" src=\"https:\/\/lyceedelaulne.fr\/wp-content\/uploads\/2019\/03\/Tablier.png\" class=\"attachment-large size-large wp-image-1117\" alt=\"\" \/>\t\t\t\t\t\t\t\t<\/a>\n\t\t\t\t\t\t\t\t\t\t\t<figcaption class=\"widget-image-caption wp-caption-text\">R\u00e9alisation tablier<\/figcaption>\n\t\t\t\t\t\t\t\t\t\t<\/figure>\n\t\t\t\t\t\t\t\t\t<\/div>\n\t\t\t\t<\/div>\n\t\t\t\t\t<\/div>\n\t\t<\/div>\n\t\t\t\t<div class=\"elementor-column elementor-col-25 elementor-top-column elementor-element elementor-element-f56b797\" data-id=\"f56b797\" data-element_type=\"column\" data-e-type=\"column\">\n\t\t\t<div class=\"elementor-widget-wrap elementor-element-populated\">\n\t\t\t\t\t\t<div class=\"elementor-element elementor-element-eb2d111 elementor-widget elementor-widget-image\" data-id=\"eb2d111\" data-element_type=\"widget\" data-e-type=\"widget\" data-widget_type=\"image.default\">\n\t\t\t\t<div class=\"elementor-widget-container\">\n\t\t\t\t\t\t\t\t\t\t\t\t<figure class=\"wp-caption\">\n\t\t\t\t\t\t\t\t\t\t\t<a href=\"http:\/\/lyceedelaulne.fr\/?p=1931\" target=\"_blank\">\n\t\t\t\t\t\t\t<img decoding=\"async\" width=\"600\" height=\"450\" src=\"https:\/\/lyceedelaulne.fr\/wp-content\/uploads\/2019\/06\/20191107_155026.png\" class=\"attachment-large size-large wp-image-3570\" alt=\"Lyc\u00e9e de l&#039;Aulne Ch\u00e2teaulin CAPA SAPVER magasin Baby Frip\" srcset=\"https:\/\/lyceedelaulne.fr\/wp-content\/uploads\/2019\/06\/20191107_155026.png 600w, https:\/\/lyceedelaulne.fr\/wp-content\/uploads\/2019\/06\/20191107_155026-300x225.png 300w, https:\/\/lyceedelaulne.fr\/wp-content\/uploads\/2019\/06\/20191107_155026-360x270.png 360w\" sizes=\"(max-width: 600px) 100vw, 600px\" \/>\t\t\t\t\t\t\t\t<\/a>\n\t\t\t\t\t\t\t\t\t\t\t<figcaption class=\"widget-image-caption wp-caption-text\">Le magasin \"Baby Frip\"<\/figcaption>\n\t\t\t\t\t\t\t\t\t\t<\/figure>\n\t\t\t\t\t\t\t\t\t<\/div>\n\t\t\t\t<\/div>\n\t\t\t\t<div class=\"elementor-element elementor-element-fe15220 elementor-widget elementor-widget-image\" data-id=\"fe15220\" data-element_type=\"widget\" data-e-type=\"widget\" data-widget_type=\"image.default\">\n\t\t\t\t<div class=\"elementor-widget-container\">\n\t\t\t\t\t\t\t\t\t\t\t\t<figure class=\"wp-caption\">\n\t\t\t\t\t\t\t\t\t\t\t<a href=\"http:\/\/lyceedelaulne.fr\/?p=3300\" target=\"_blank\">\n\t\t\t\t\t\t\t<img loading=\"lazy\" decoding=\"async\" width=\"337\" height=\"600\" src=\"https:\/\/lyceedelaulne.fr\/wp-content\/uploads\/2019\/10\/Groupe-Tour-Eiffel-2-e1571401727885.png\" class=\"attachment-large size-large wp-image-3313\" alt=\"CAPA SAPVER Lyc\u00e9e Aulne Voyage\" srcset=\"https:\/\/lyceedelaulne.fr\/wp-content\/uploads\/2019\/10\/Groupe-Tour-Eiffel-2-e1571401727885.png 337w, https:\/\/lyceedelaulne.fr\/wp-content\/uploads\/2019\/10\/Groupe-Tour-Eiffel-2-e1571401727885-169x300.png 169w, https:\/\/lyceedelaulne.fr\/wp-content\/uploads\/2019\/10\/Groupe-Tour-Eiffel-2-e1571401727885-152x270.png 152w\" sizes=\"(max-width: 337px) 100vw, 337px\" \/>\t\t\t\t\t\t\t\t<\/a>\n\t\t\t\t\t\t\t\t\t\t\t<figcaption class=\"widget-image-caption wp-caption-text\">Voyage \u00e0 Paris<\/figcaption>\n\t\t\t\t\t\t\t\t\t\t<\/figure>\n\t\t\t\t\t\t\t\t\t<\/div>\n\t\t\t\t<\/div>\n\t\t\t\t\t<\/div>\n\t\t<\/div>\n\t\t\t\t\t<\/div>\n\t\t<\/section>\n\t\t\t\t<section class=\"elementor-section elementor-top-section elementor-element elementor-element-72acbbee elementor-section-boxed elementor-section-height-default elementor-section-height-default\" data-id=\"72acbbee\" data-element_type=\"section\" data-e-type=\"section\">\n\t\t\t\t\t\t<div class=\"elementor-container elementor-column-gap-default\">\n\t\t\t\t\t<div class=\"elementor-column elementor-col-100 elementor-top-column elementor-element elementor-element-e2d1e2b\" data-id=\"e2d1e2b\" data-element_type=\"column\" data-e-type=\"column\">\n\t\t\t<div class=\"elementor-widget-wrap elementor-element-populated\">\n\t\t\t\t\t\t\t<\/div>\n\t\t<\/div>\n\t\t\t\t\t<\/div>\n\t\t<\/section>\n\t\t\t\t<section class=\"elementor-section elementor-top-section elementor-element elementor-element-7c69cacb elementor-section-boxed elementor-section-height-default elementor-section-height-default elementor-invisible\" data-id=\"7c69cacb\" data-element_type=\"section\" data-e-type=\"section\" data-settings=\"{&quot;background_background&quot;:&quot;classic&quot;,&quot;animation&quot;:&quot;fadeInLeft&quot;}\">\n\t\t\t\t\t\t<div class=\"elementor-container elementor-column-gap-default\">\n\t\t\t\t\t<div class=\"elementor-column elementor-col-100 elementor-top-column elementor-element elementor-element-50e341f5\" data-id=\"50e341f5\" data-element_type=\"column\" data-e-type=\"column\" data-settings=\"{&quot;background_background&quot;:&quot;classic&quot;}\">\n\t\t\t<div class=\"elementor-widget-wrap elementor-element-populated\">\n\t\t\t\t\t\t<div class=\"elementor-element elementor-element-6c6f1ca8 elementor-widget elementor-widget-text-editor\" data-id=\"6c6f1ca8\" data-element_type=\"widget\" data-e-type=\"widget\" data-widget_type=\"text-editor.default\">\n\t\t\t\t<div class=\"elementor-widget-container\">\n\t\t\t\t\t\t\t\t\t<h2 style=\"text-align: center;\"><span style=\"color: #ffffff;\"><strong>ENSEIGNEMENT\u00a0<\/strong><\/span><\/h2>\t\t\t\t\t\t\t\t<\/div>\n\t\t\t\t<\/div>\n\t\t\t\t\t<\/div>\n\t\t<\/div>\n\t\t\t\t\t<\/div>\n\t\t<\/section>\n\t\t\t\t<section class=\"elementor-section elementor-top-section elementor-element elementor-element-4a6a3950 elementor-section-boxed elementor-section-height-default elementor-section-height-default\" data-id=\"4a6a3950\" data-element_type=\"section\" data-e-type=\"section\" data-settings=\"{&quot;background_background&quot;:&quot;classic&quot;}\">\n\t\t\t\t\t\t<div class=\"elementor-container elementor-column-gap-default\">\n\t\t\t\t\t<div class=\"elementor-column elementor-col-100 elementor-top-column elementor-element elementor-element-399f6110\" data-id=\"399f6110\" data-element_type=\"column\" data-e-type=\"column\">\n\t\t\t<div class=\"elementor-widget-wrap elementor-element-populated\">\n\t\t\t\t\t\t<div class=\"elementor-element elementor-element-79f0f4da elementor-invisible elementor-widget elementor-widget-text-editor\" data-id=\"79f0f4da\" data-element_type=\"widget\" data-e-type=\"widget\" data-settings=\"{&quot;_animation&quot;:&quot;fadeInLeft&quot;}\" data-widget_type=\"text-editor.default\">\n\t\t\t\t<div class=\"elementor-widget-container\">\n\t\t\t\t\t\t\t\t\t<p style=\"text-align: center;\"><strong>Soutenu par des enseignements professionnels port\u00e9s sur des projets concrets\u00a0<\/strong><br \/><strong>en partenariat avec de nombreux acteurs locaux<\/strong><\/p>\t\t\t\t\t\t\t\t<\/div>\n\t\t\t\t<\/div>\n\t\t\t\t\t<\/div>\n\t\t<\/div>\n\t\t\t\t\t<\/div>\n\t\t<\/section>\n\t\t\t\t<section class=\"elementor-section elementor-top-section elementor-element elementor-element-12094005 elementor-section-boxed elementor-section-height-default elementor-section-height-default\" data-id=\"12094005\" data-element_type=\"section\" data-e-type=\"section\" data-settings=\"{&quot;background_background&quot;:&quot;classic&quot;}\">\n\t\t\t\t\t\t<div class=\"elementor-container elementor-column-gap-default\">\n\t\t\t\t\t<div class=\"elementor-column elementor-col-50 elementor-top-column elementor-element elementor-element-7487fbca\" data-id=\"7487fbca\" data-element_type=\"column\" data-e-type=\"column\">\n\t\t\t<div class=\"elementor-widget-wrap elementor-element-populated\">\n\t\t\t\t\t\t<div class=\"elementor-element elementor-element-138f6fd6 elementor-invisible elementor-widget elementor-widget-text-editor\" data-id=\"138f6fd6\" data-element_type=\"widget\" data-e-type=\"widget\" data-settings=\"{&quot;_animation&quot;:&quot;fadeInLeft&quot;}\" data-widget_type=\"text-editor.default\">\n\t\t\t\t<div class=\"elementor-widget-container\">\n\t\t\t\t\t\t\t\t\t<p>Le cycle de formation est r\u00e9parti sur 2 ann\u00e9es de formation avec un horaire hebdomadaire de 30 h environ.<\/p><p><strong>Economie Sociale et Familiale :<\/strong><\/p><ul><li style=\"list-style-type: none;\"><ul><li>\u00a0Confort, Bien \u00eatre des personnes ;<\/li><li>\u00a0Techniques d\u2019entretien ;<\/li><li>\u00a0Techniques culinaires.<\/li><\/ul><\/li><\/ul><p><strong>Techniques commerciales :<\/strong><\/p><ul><li style=\"list-style-type: none;\"><ul><li>\u00a0Communication-Bureautique ;<\/li><li>\u00a0Vente ;<\/li><li>\u00a0Animation.<\/li><\/ul><\/li><\/ul>\t\t\t\t\t\t\t\t<\/div>\n\t\t\t\t<\/div>\n\t\t\t\t\t<\/div>\n\t\t<\/div>\n\t\t\t\t<div class=\"elementor-column elementor-col-50 elementor-top-column elementor-element elementor-element-78756020\" data-id=\"78756020\" data-element_type=\"column\" data-e-type=\"column\">\n\t\t\t<div class=\"elementor-widget-wrap elementor-element-populated\">\n\t\t\t\t\t\t<div class=\"elementor-element elementor-element-7dfa79ed elementor-invisible elementor-widget elementor-widget-text-editor\" data-id=\"7dfa79ed\" data-element_type=\"widget\" data-e-type=\"widget\" data-settings=\"{&quot;_animation&quot;:&quot;fadeInRight&quot;}\" data-widget_type=\"text-editor.default\">\n\t\t\t\t<div class=\"elementor-widget-container\">\n\t\t\t\t\t\t\t\t\t<p style=\"text-align: center;\"><strong>Un Module d&rsquo;Initiative Professionnelle\u00a0<\/strong><\/p><ul><li>Apprentissage des bases de couture et travail en partenariat avec les structures locales (Customisation de v\u00eatements, cr\u00e9ation d\u2019accessoires, &#8230;).<\/li><\/ul>\t\t\t\t\t\t\t\t<\/div>\n\t\t\t\t<\/div>\n\t\t\t\t\t<\/div>\n\t\t<\/div>\n\t\t\t\t\t<\/div>\n\t\t<\/section>\n\t\t\t\t<section class=\"elementor-section elementor-top-section elementor-element elementor-element-26ef032 elementor-section-boxed elementor-section-height-default elementor-section-height-default\" data-id=\"26ef032\" data-element_type=\"section\" data-e-type=\"section\">\n\t\t\t\t\t\t<div class=\"elementor-container elementor-column-gap-default\">\n\t\t\t\t\t<div class=\"elementor-column elementor-col-100 elementor-top-column elementor-element elementor-element-6b0a183e\" data-id=\"6b0a183e\" data-element_type=\"column\" data-e-type=\"column\">\n\t\t\t<div class=\"elementor-widget-wrap elementor-element-populated\">\n\t\t\t\t\t\t\t<\/div>\n\t\t<\/div>\n\t\t\t\t\t<\/div>\n\t\t<\/section>\n\t\t\t\t<section class=\"elementor-section elementor-top-section elementor-element elementor-element-75dace3d elementor-section-boxed elementor-section-height-default elementor-section-height-default elementor-invisible\" data-id=\"75dace3d\" data-element_type=\"section\" data-e-type=\"section\" data-settings=\"{&quot;background_background&quot;:&quot;classic&quot;,&quot;animation&quot;:&quot;fadeInRight&quot;}\">\n\t\t\t\t\t\t<div class=\"elementor-container elementor-column-gap-default\">\n\t\t\t\t\t<div class=\"elementor-column elementor-col-50 elementor-top-column elementor-element elementor-element-1d8f1cb7\" data-id=\"1d8f1cb7\" data-element_type=\"column\" data-e-type=\"column\">\n\t\t\t<div class=\"elementor-widget-wrap elementor-element-populated\">\n\t\t\t\t\t\t<div class=\"elementor-element elementor-element-2db7a492 elementor-widget elementor-widget-text-editor\" data-id=\"2db7a492\" data-element_type=\"widget\" data-e-type=\"widget\" data-widget_type=\"text-editor.default\">\n\t\t\t\t<div class=\"elementor-widget-container\">\n\t\t\t\t\t\t\t\t\t<p><strong>LES STAGES EN ENTREPRISES<\/strong><\/p><p>12 semaines dont 11 prises sur la p\u00e9riode scolaire avec une r\u00e9partition de 6 semaines sur chaque ann\u00e9e.<\/p><p>Les stages s\u2019effectuent dans le secteur des services aux personnes (6 semaines) et du secteur vente (6 semaines).<\/p><p>Les structures pouvant accueillir les stagiaires sont du type <strong><em>maison de retraite, foyer logement, structure touristique, association aide \u00e0 domicile, \u00e9cole maternelle, commerce de proximit\u00e9, \u2026<\/em><\/strong><\/p><p>Les p\u00e9riodes de stage en milieu professionnel servent de support pour l\u2019obtention du CAPA .<\/p>\t\t\t\t\t\t\t\t<\/div>\n\t\t\t\t<\/div>\n\t\t\t\t\t<\/div>\n\t\t<\/div>\n\t\t\t\t<div class=\"elementor-column elementor-col-50 elementor-top-column elementor-element elementor-element-9b3aad1\" data-id=\"9b3aad1\" data-element_type=\"column\" data-e-type=\"column\">\n\t\t\t<div class=\"elementor-widget-wrap elementor-element-populated\">\n\t\t\t\t\t\t<div class=\"elementor-element elementor-element-49a3785f elementor-widget elementor-widget-text-editor\" data-id=\"49a3785f\" data-element_type=\"widget\" data-e-type=\"widget\" data-widget_type=\"text-editor.default\">\n\t\t\t\t<div class=\"elementor-widget-container\">\n\t\t\t\t\t\t\t\t\t<p><strong>LES + DE LA FORMATION<\/strong><img loading=\"lazy\" decoding=\"async\" class=\"wp-image-1867 alignright\" src=\"http:\/\/lyceedelaulne.fr\/wp-content\/uploads\/2019\/06\/bouton-e1561463849274.png\" alt=\"\" width=\"100\" height=\"98\" srcset=\"https:\/\/lyceedelaulne.fr\/wp-content\/uploads\/2019\/06\/bouton-e1561463849274.png 347w, https:\/\/lyceedelaulne.fr\/wp-content\/uploads\/2019\/06\/bouton-e1561463849274-300x294.png 300w, https:\/\/lyceedelaulne.fr\/wp-content\/uploads\/2019\/06\/bouton-e1561463849274-276x270.png 276w\" sizes=\"(max-width: 100px) 100vw, 100px\" \/><\/p><ul><li>Des Visites d\u2019entreprises diverses et vari\u00e9s ;<\/li><li>2 Secteurs d\u2019activit\u00e9s :<br \/><b><i>le commerce <\/i><\/b>et <b><i>les services \u00e0 la personne ;<\/i><\/b><\/li><li>Une formation concr\u00e8te avec de nombreuses pratiques ;<\/li><li>Un apprentissage de <b>vie sociale <\/b>au travers des stages et des projets men\u00e9s ;<\/li><li>Un travail sur la <b>connaissance<\/b> et <b>l\u2019estime de soi <\/b>;<\/li><li>Un accompagnement individualis\u00e9 sur le projet professionnel ;<\/li><li>Des \u00e9quipements professionnels adapt\u00e9s (cuisine p\u00e9dagogique, salle de soin, salle de couture, magasin) et mat\u00e9riels professionnels de qualit\u00e9 ;<\/li><\/ul><ul><li>Une semaine de\u00a0<span style=\"color: #000080;\"><strong><span style=\"text-decoration: underline;\"><a style=\"color: #000080; text-decoration: underline;\" href=\"http:\/\/lyceedelaulne.fr\/?p=1848\" target=\"_blank\" rel=\"noopener\">Stage Collectif<\/a><\/span><\/strong><\/span><b>\u00a0<\/b>construit autour de deux th\u00e8mes :<\/li><\/ul><p style=\"padding-left: 80px;\">\u2192 Education et pr\u00e9vention Sant\u00e9 ;<br \/>\u2192 D\u00e9veloppement Durable.<\/p>\t\t\t\t\t\t\t\t<\/div>\n\t\t\t\t<\/div>\n\t\t\t\t\t<\/div>\n\t\t<\/div>\n\t\t\t\t\t<\/div>\n\t\t<\/section>\n\t\t\t\t<section class=\"elementor-section elementor-top-section elementor-element elementor-element-32a05a16 elementor-section-boxed elementor-section-height-default elementor-section-height-default\" data-id=\"32a05a16\" data-element_type=\"section\" data-e-type=\"section\">\n\t\t\t\t\t\t<div class=\"elementor-container elementor-column-gap-default\">\n\t\t\t\t\t<div class=\"elementor-column elementor-col-100 elementor-top-column elementor-element elementor-element-1c9a2225\" data-id=\"1c9a2225\" data-element_type=\"column\" data-e-type=\"column\">\n\t\t\t<div class=\"elementor-widget-wrap elementor-element-populated\">\n\t\t\t\t\t\t\t<\/div>\n\t\t<\/div>\n\t\t\t\t\t<\/div>\n\t\t<\/section>\n\t\t\t\t<section class=\"elementor-section elementor-top-section elementor-element elementor-element-1f484e elementor-section-boxed elementor-section-height-default elementor-section-height-default elementor-invisible\" data-id=\"1f484e\" data-element_type=\"section\" data-e-type=\"section\" data-settings=\"{&quot;background_background&quot;:&quot;classic&quot;,&quot;animation&quot;:&quot;slideInUp&quot;}\">\n\t\t\t\t\t\t<div class=\"elementor-container elementor-column-gap-default\">\n\t\t\t\t\t<div class=\"elementor-column elementor-col-33 elementor-top-column elementor-element elementor-element-530521d9\" data-id=\"530521d9\" data-element_type=\"column\" data-e-type=\"column\">\n\t\t\t<div class=\"elementor-widget-wrap elementor-element-populated\">\n\t\t\t\t\t\t<div class=\"elementor-element elementor-element-5b05b94c elementor-widget elementor-widget-text-editor\" data-id=\"5b05b94c\" data-element_type=\"widget\" data-e-type=\"widget\" data-widget_type=\"text-editor.default\">\n\t\t\t\t<div class=\"elementor-widget-container\">\n\t\t\t\t\t\t\t\t\t<p><strong>LES CONDITIONS D\u2019ADMISSION :<\/strong><\/p>\n<p>Les \u00e9l\u00e8ves issus des classes de 3<sup>\u00e8me<\/sup> des Coll\u00e8ges ou de 3<sup>\u00e8me<\/sup> de l\u2019Enseignement Agricole selon la proc\u00e9dure acad\u00e9mique AFFELNET.<\/p>\n<p>\u00c9ventuellement, les \u00e9l\u00e8ves issus de Seconde Professionnelle en cas de r\u00e9orientation selon la proc\u00e9dure acad\u00e9mique AFFELNET.<\/p>\n<p>Pour les demandes d&rsquo;inscription en CAPA deuxi\u00e8me ann\u00e9e, le dossier d\u2019admission est \u00e0 retirer aupr\u00e8s de l\u2019\u00e9tablissement ou sur le site et <b>\u00e0 <\/b><b>renvoyer au lyc\u00e9e pour d\u00e9but JUILLET.<\/b><\/p>\t\t\t\t\t\t\t\t<\/div>\n\t\t\t\t<\/div>\n\t\t\t\t\t<\/div>\n\t\t<\/div>\n\t\t\t\t<div class=\"elementor-column elementor-col-33 elementor-top-column elementor-element elementor-element-4deefa87\" data-id=\"4deefa87\" data-element_type=\"column\" data-e-type=\"column\">\n\t\t\t<div class=\"elementor-widget-wrap elementor-element-populated\">\n\t\t\t\t\t\t<div class=\"elementor-element elementor-element-10ed38a2 elementor-widget elementor-widget-text-editor\" data-id=\"10ed38a2\" data-element_type=\"widget\" data-e-type=\"widget\" data-widget_type=\"text-editor.default\">\n\t\t\t\t<div class=\"elementor-widget-container\">\n\t\t\t\t\t\t\t\t\t<p style=\"text-align: center;\"><b>OBTENTION DU\u00a0DIPL\u00d4ME<\/b><\/p><p style=\"text-align: left;\">La formation est certifi\u00e9e par le<b> dipl\u00f4me national du <\/b><strong>CAPA SAPVER<\/strong> (dipl\u00f4me de niveau V) en fin de cycle.<\/p>\t\t\t\t\t\t\t\t<\/div>\n\t\t\t\t<\/div>\n\t\t\t\t\t<\/div>\n\t\t<\/div>\n\t\t\t\t<div class=\"elementor-column elementor-col-33 elementor-top-column elementor-element elementor-element-12fe5802\" data-id=\"12fe5802\" data-element_type=\"column\" data-e-type=\"column\">\n\t\t\t<div class=\"elementor-widget-wrap elementor-element-populated\">\n\t\t\t\t\t\t<div class=\"elementor-element elementor-element-3ed9669e elementor-widget elementor-widget-text-editor\" data-id=\"3ed9669e\" data-element_type=\"widget\" data-e-type=\"widget\" data-widget_type=\"text-editor.default\">\n\t\t\t\t<div class=\"elementor-widget-container\">\n\t\t\t\t\t\t\t\t\t<p><span style=\"color: #ffffff;\"><em><strong>Des bourses peuvent \u00eatre accord\u00e9es <\/strong><\/em><em><strong>aux \u00e9l\u00e8ves par le Minist\u00e8re de l&rsquo;Agriculture<\/strong><\/em><\/span><\/p><p><span style=\"color: #ffffff;\"><em><strong>H\u00e9bergement possible \u00e0 l\u2019Internat du lyc\u00e9e\u00a0<\/strong><\/em><\/span><\/p><p><span style=\"color: #ffffff;\"><img loading=\"lazy\" decoding=\"async\" class=\"size-full wp-image-2540 alignleft\" src=\"http:\/\/lyceedelaulne.fr\/wp-content\/uploads\/2019\/09\/main-e1569490853401.png\" alt=\"\" width=\"30\" height=\"30\" \/><\/span><\/p><p><span style=\"color: #ffffff;\"><em><a style=\"color: #ffffff;\" href=\"http:\/\/lyceedelaulne.fr\/?page_id=1262\" target=\"_blank\" rel=\"noopener\"><strong>Pour venir au lyc\u00e9e<\/strong><\/a><\/em><\/span><\/p>\t\t\t\t\t\t\t\t<\/div>\n\t\t\t\t<\/div>\n\t\t\t\t\t<\/div>\n\t\t<\/div>\n\t\t\t\t\t<\/div>\n\t\t<\/section>\n\t\t\t\t<section class=\"elementor-section elementor-top-section elementor-element elementor-element-6c8e64f6 elementor-section-boxed elementor-section-height-default elementor-section-height-default\" data-id=\"6c8e64f6\" data-element_type=\"section\" data-e-type=\"section\">\n\t\t\t\t\t\t<div class=\"elementor-container elementor-column-gap-default\">\n\t\t\t\t\t<div class=\"elementor-column elementor-col-100 elementor-top-column elementor-element elementor-element-5ab13f0\" data-id=\"5ab13f0\" data-element_type=\"column\" data-e-type=\"column\">\n\t\t\t<div class=\"elementor-widget-wrap elementor-element-populated\">\n\t\t\t\t\t\t\t<\/div>\n\t\t<\/div>\n\t\t\t\t\t<\/div>\n\t\t<\/section>\n\t\t\t\t<section class=\"elementor-section elementor-top-section elementor-element elementor-element-aadb9c0 elementor-section-boxed elementor-section-height-default elementor-section-height-default\" data-id=\"aadb9c0\" data-element_type=\"section\" data-e-type=\"section\">\n\t\t\t\t\t\t<div class=\"elementor-container elementor-column-gap-default\">\n\t\t\t\t\t<div class=\"elementor-column elementor-col-50 elementor-top-column elementor-element elementor-element-f7730d6\" data-id=\"f7730d6\" data-element_type=\"column\" data-e-type=\"column\">\n\t\t\t<div class=\"elementor-widget-wrap elementor-element-populated\">\n\t\t\t\t\t\t<div class=\"elementor-element elementor-element-cbeb272 elementor-widget elementor-widget-video\" data-id=\"cbeb272\" data-element_type=\"widget\" data-e-type=\"widget\" data-settings=\"{&quot;youtube_url&quot;:&quot;https:\\\/\\\/youtu.be\\\/TPpx6Ne1DaA&quot;,&quot;video_type&quot;:&quot;youtube&quot;,&quot;controls&quot;:&quot;yes&quot;}\" data-widget_type=\"video.default\">\n\t\t\t\t<div class=\"elementor-widget-container\">\n\t\t\t\t\t\t\t<div class=\"elementor-wrapper elementor-open-inline\">\n\t\t\t<div class=\"elementor-video\"><\/div>\t\t<\/div>\n\t\t\t\t\t\t<\/div>\n\t\t\t\t<\/div>\n\t\t\t\t\t<\/div>\n\t\t<\/div>\n\t\t\t\t<div class=\"elementor-column elementor-col-50 elementor-top-column elementor-element elementor-element-5f3c6ac\" data-id=\"5f3c6ac\" data-element_type=\"column\" data-e-type=\"column\">\n\t\t\t<div class=\"elementor-widget-wrap\">\n\t\t\t\t\t\t\t<\/div>\n\t\t<\/div>\n\t\t\t\t\t<\/div>\n\t\t<\/section>\n\t\t\t\t<\/div>\n\t\t","protected":false},"excerpt":{"rendered":"<p>Des m\u00e9tiers de proximit\u00e9 au service \u00e0\u00a0 la personne et du commerce Pr\u00e9c\u00e9dent Suivant OBJECTIFS DE LA FORMATION QUALITES REQUISES TEMPS FORTS Assure l&rsquo;acquisition d&rsquo;une qualification professionnelle concr\u00e8te et des comp\u00e9tences dans les secteurs suivants : Services \u00e0 la personne&hellip;&nbsp;<a href=\"https:\/\/lyceedelaulne.fr\/?page_id=1023\" class=\"more-link\">Lire la suite<\/a><\/p>\n","protected":false},"author":1,"featured_media":0,"parent":0,"menu_order":0,"comment_status":"closed","ping_status":"closed","template":"","meta":{"footnotes":""},"class_list":["post-1023","page","type-page","status-publish","hentry"],"_links":{"self":[{"href":"https:\/\/lyceedelaulne.fr\/index.php?rest_route=\/wp\/v2\/pages\/1023","targetHints":{"allow":["GET"]}}],"collection":[{"href":"https:\/\/lyceedelaulne.fr\/index.php?rest_route=\/wp\/v2\/pages"}],"about":[{"href":"https:\/\/lyceedelaulne.fr\/index.php?rest_route=\/wp\/v2\/types\/page"}],"author":[{"embeddable":true,"href":"https:\/\/lyceedelaulne.fr\/index.php?rest_route=\/wp\/v2\/users\/1"}],"replies":[{"embeddable":true,"href":"https:\/\/lyceedelaulne.fr\/index.php?rest_route=%2Fwp%2Fv2%2Fcomments&post=1023"}],"version-history":[{"count":57,"href":"https:\/\/lyceedelaulne.fr\/index.php?rest_route=\/wp\/v2\/pages\/1023\/revisions"}],"predecessor-version":[{"id":5473,"href":"https:\/\/lyceedelaulne.fr\/index.php?rest_route=\/wp\/v2\/pages\/1023\/revisions\/5473"}],"wp:attachment":[{"href":"https:\/\/lyceedelaulne.fr\/index.php?rest_route=%2Fwp%2Fv2%2Fmedia&parent=1023"}],"curies":[{"name":"wp","href":"https:\/\/api.w.org\/{rel}","templated":true}]}}